{"id":250,"date":"2018-02-10T15:35:22","date_gmt":"2018-02-10T14:35:22","guid":{"rendered":"http:\/\/lamaggese.fr\/?page_id=250"},"modified":"2026-02-08T12:46:27","modified_gmt":"2026-02-08T11:46:27","slug":"agenda-de-la-compagnie-maggese","status":"publish","type":"page","link":"https:\/\/lamaggese.fr\/index.php\/agenda-de-la-compagnie-maggese\/","title":{"rendered":"Agenda 2025-2026"},"content":{"rendered":"\n<p class=\"has-text-align-center\"><strong>DECEMBRE<\/strong><\/p>\n\n\n\n<p><strong>20\/12 au 22\/12<\/strong> &#8211; Colloque sur le chant sacr\u00e9 Ecomuseo del Casentino, Poppi avec la participation de Andrea Antonio Verardi, Filippo Lanci et Carlo Lapucci et <\/p>\n\n\n\n<ul class=\"wp-block-list\">\n<li><strong>Concert<\/strong> \u00e0 la Pieve di San Marino a Vado, Strada in Casentino, Castel San Niccol\u00f2, Arezzo<\/li>\n\n\n\n<li><strong>Concert<\/strong> \u00e0 l&rsquo;Eglise de San Niccol\u00f2, San Piero in Campo, l&rsquo;Ile d&rsquo;Elbe, Livorno<\/li>\n\n\n\n<li><strong>Concert<\/strong> \u00e0 l&rsquo;Eglise de Santa Maria a Fornello, Pontassieve, Firenze<\/li>\n<\/ul>\n\n\n\n<hr class=\"wp-block-separator has-css-opacity\"\/>\n\n\n\n<p class=\"has-text-align-center\"><strong>NOVEMBRE<\/strong><\/p>\n\n\n\n<p><strong>01\/11<\/strong> &#8211; une recherche partag\u00e9e autour du chant sacr\u00e9 en Toscane, financ\u00e9e par une subvention de la Regione Toscana&nbsp;avec <em>La Leggera <\/em>: <\/p>\n\n\n\n<ul class=\"wp-block-list\">\n<li><strong>Discussion-conf\u00e9rence<\/strong> autour du chant sacr\u00e9 en Toscane \u00e0 16h <strong>\u00e0 Sienne<\/strong><\/li>\n<\/ul>\n\n\n\n<ul class=\"wp-block-list\">\n<li><strong>Concert <\/strong>de chants sacr\u00e9s&nbsp;\u00e0 18h30 \u00e0 l&rsquo;<strong>\u00c9glise san Francesco all&rsquo;Alberino<\/strong><\/li>\n<\/ul>\n\n\n\n<p><strong>8\/11  &#8211;  <\/strong>12\u00e8me station VENEZ \u00c0 S\u00c8TE! \u00ab\u00a0Sur les traces de l&rsquo;immigration\u00a0\u00bb \u00e0 20h30 \u00e0 <strong> La Parole Errante \u00e0 Montreuil<\/strong> <\/p>\n\n\n\n<p><strong>14 au 16 <\/strong>&#8211; Ateliers de chants traditionnels italiens avec Margherita Trefoloni \u00e0 <strong>Boissy l&rsquo;Aillerie<\/strong> &#8211; Oriamu <\/p>\n\n\n\n<ul class=\"wp-block-list\">\n<li><strong>en savoir +<\/strong> : lamaggiante@gmail.com \/\/ margherita.trefoloni@gmail.com <\/li>\n<\/ul>\n\n\n\n<p><strong>22\/11<\/strong> &#8211; Spectacle \u00ab\u00a0Montevergine Connection\u00a0\u00bb et Concert \u00ab\u00a0Kantaliso\u00a0\u00bb au <strong>Mandapa \u00e0 Paris <\/strong><\/p>\n\n\n\n<hr class=\"wp-block-separator has-alpha-channel-opacity\"\/>\n\n\n\n<p class=\"has-text-align-center\"><strong>OCTOBRE<\/strong><\/p>\n\n\n\n<p class=\"has-text-align-left has-black-color has-text-color\"><strong>Du 17 au 19 &#8211;<\/strong> <strong><a href=\"https:\/\/lamaggese.fr\/index.php\/rencontres-2025\/\" data-type=\"link\" data-id=\"https:\/\/lamaggese.fr\/index.php\/rencontres-2025\/\">23eme rencontre de chants traditionnels italiens \u00e0 Montreuil<\/a><\/strong><\/p>\n\n\n\n<p><strong>05\/10 <\/strong>&#8211; Concert Italo-Kurde vers 17h30 \u00e0 St Ouen avec l&rsquo;association Perles et Pollens pour la f\u00eate populaire \u00ab\u00a0Les Frites Musicales\u00a0\u00bb<\/p>\n\n\n\n<p><strong>9 &#8211; 10\/10<\/strong> &#8211; colloque universit\u00e9 de Nice projection film sur Giovanna de ren\u00e9 Baratta<\/p>\n\n\n\n<p><strong>19\/10<\/strong> &#8211; Concert Coro Val Curiasca \u00e0 Paris<\/p>\n\n\n\n<hr class=\"wp-block-separator has-css-opacity\"\/>\n\n\n\n<p class=\"has-text-align-center\"><strong>SEPTEMBRE <\/strong><\/p>\n\n\n\n<p class=\"has-text-align-left\"><strong>11\/09 <\/strong>&#8211; Concert Kantaliso chez l&rsquo;habitant \u00e0 20h \u00e0 Bagnolet<\/p>\n\n\n\n<p><strong>21\/09 <\/strong>&#8211; Concert Choeur de l&rsquo;\u00c9migration  \u00e0 14h30 au Fait Tout \u00e0 Montreuil<\/p>\n","protected":false},"excerpt":{"rendered":"<p>DECEMBRE 20\/12 au 22\/12 &#8211; Colloque sur le chant sacr\u00e9 Ecomuseo del Casentino, Poppi avec la participation de Andrea Antonio Verardi, Filippo Lanci et Carlo Lapucci et NOVEMBRE 01\/11 &#8211; une recherche partag\u00e9e autour du chant sacr\u00e9 en Toscane, financ\u00e9e par une subvention de la Regione Toscana&nbsp;avec La Leggera : 8\/11 &#8211; 12\u00e8me station VENEZ &hellip; <\/p>\n<p class=\"link-more\"><a href=\"https:\/\/lamaggese.fr\/index.php\/agenda-de-la-compagnie-maggese\/\" class=\"more-link\">Continuer la lecture<span class=\"screen-reader-text\"> de &laquo;&nbsp;Agenda 2025-2026&nbsp;&raquo;<\/span><\/a><\/p>\n","protected":false},"author":1,"featured_media":0,"parent":0,"menu_order":0,"comment_status":"closed","ping_status":"closed","template":"","meta":{"footnotes":""},"class_list":["post-250","page","type-page","status-publish","hentry"],"_links":{"self":[{"href":"https:\/\/lamaggese.fr\/index.php\/wp-json\/wp\/v2\/pages\/250","targetHints":{"allow":["GET"]}}],"collection":[{"href":"https:\/\/lamaggese.fr\/index.php\/wp-json\/wp\/v2\/pages"}],"about":[{"href":"https:\/\/lamaggese.fr\/index.php\/wp-json\/wp\/v2\/types\/page"}],"author":[{"embeddable":true,"href":"https:\/\/lamaggese.fr\/index.php\/wp-json\/wp\/v2\/users\/1"}],"replies":[{"embeddable":true,"href":"https:\/\/lamaggese.fr\/index.php\/wp-json\/wp\/v2\/comments?post=250"}],"version-history":[{"count":103,"href":"https:\/\/lamaggese.fr\/index.php\/wp-json\/wp\/v2\/pages\/250\/revisions"}],"predecessor-version":[{"id":1798,"href":"https:\/\/lamaggese.fr\/index.php\/wp-json\/wp\/v2\/pages\/250\/revisions\/1798"}],"wp:attachment":[{"href":"https:\/\/lamaggese.fr\/index.php\/wp-json\/wp\/v2\/media?parent=250"}],"curies":[{"name":"wp","href":"https:\/\/api.w.org\/{rel}","templated":true}]}}